{"id":432,"date":"2017-06-18T23:01:26","date_gmt":"2017-06-18T23:01:26","guid":{"rendered":"https:\/\/revistarapallo.wordpress.com\/?page_id=432"},"modified":"2025-06-19T21:22:45","modified_gmt":"2025-06-19T21:22:45","slug":"r1","status":"publish","type":"page","link":"https:\/\/revistarapallo.com\/index.php\/r1\/","title":{"rendered":"R1"},"content":{"rendered":"<h2 class=\"western\"><strong>SUMARIO<\/strong><\/h2>\n<ul>\n<li class=\"western\">\n<h3><b>POEMAS<\/b><\/h3>\n<\/li>\n<\/ul>\n<p class=\"western\" style=\"padding-left: 120px;\">\u00c1ngela Segovia &#8211; <em>Pusieron debajo de mi mare un mag\u00fcey<\/em> (in\u00e9ditos)<\/p>\n<p class=\"western\">Jimena Schere &#8211; &#8220;La marcha&#8221; (selecci\u00f3n de <em>Una antolog\u00eda de la literatura argentina<\/em>)<\/p>\n<p class=\"western\" style=\"padding-left: 30px;\">Laura Jaramillo &#8211; Selecci\u00f3n de <em>Civilian Nest<\/em>, <em>Material Girl<\/em> y <em>Making Waters<\/em> (in\u00e9dito)<\/p>\n<p>&nbsp;<\/p>\n<ul>\n<li class=\"western\"><b>GERM\u00c1N CARRASCO<\/b><\/li>\n<\/ul>\n<p class=\"western\"><strong>ENTREVISTA<\/strong>: \u201cUn primer libro pop c\u00ednico es sospechoso\u201d<\/p>\n<p class=\"western\" style=\"padding-left: 120px;\"><strong>POEMAS<\/strong> in\u00e9ditos<\/p>\n<p class=\"western\" style=\"padding-left: 60px;\"><strong>ENSAYO<\/strong>: \u201cDe qu\u00e9 hablamos cuando hablamos de oralidad, de <i>talk poems<\/i>\u201d, por Germ\u00e1n Carrasco<\/p>\n<p>&nbsp;<\/p>\n<ul>\n<li class=\"western\">\n<h3><b>GERARDO DENIZ<\/b><\/h3>\n<\/li>\n<\/ul>\n<p class=\"western\" style=\"padding-left: 150px;\"><a href=\"https:\/\/drive.google.com\/file\/d\/1hyqGZTJSh4synySw_CRGCaPro2r8GHf8\/view?usp=sharing\">&#8220;Gerardo Deniz: met\u00e1fora en jeopard\u00eda&#8221;<\/a>, por Emilio Jurado Na\u00f3n<\/p>\n<p class=\"western\" style=\"padding-left: 60px;\"><strong>POEMAS<\/strong> de Gerardo Deniz (selecci\u00f3n de <em>Erdera<\/em>)<\/p>\n<p>&nbsp;<\/p>\n<ul>\n<li class=\"western\">\n<h3>ENSAYOS<\/h3>\n<\/li>\n<\/ul>\n<p class=\"western\" style=\"padding-left: 90px;\"><a href=\"https:\/\/revistarapallo.com\/2017\/06\/28\/el-lenguaje-es-la-mercancia-mas-barata\/\">\u201cEl lenguaje es la mercanc\u00eda m\u00e1s barata\u201d<\/a>, por Mart\u00edn Baigorria<\/p>\n<p class=\"western\" style=\"padding-left: 240px;\"><em>Cuaderno del poema<\/em> (fragmentos), por Gabriel Corti\u00f1as<\/p>\n<p class=\"western\" style=\"padding-left: 30px;\">\u201cC\u00f3mo no leer a Shakespeare\u201d, por Mart\u00edn Gambarotta<\/p>\n<p>&nbsp;<\/p>\n<p style=\"text-align: right;\"><strong>Dise\u00f1o<\/strong>: Matilde Oliveros (<a href=\"http:\/\/www.27pulqui.com.ar\/\" target=\"_blank\" rel=\"noopener noreferrer\">Ediciones 27 Pulqui<\/a>)<br \/><strong>Fotograf\u00eda<\/strong>: <a href=\"http:\/\/ioniepel.com\/\" target=\"_blank\" rel=\"noopener noreferrer\">Ioni Epelbaum<\/a><\/p>\n<p>&nbsp;<\/p>\n<p>&nbsp;<\/p>\n\n\n<figure class=\"wp-block-image size-large\"><img loading=\"lazy\" decoding=\"async\" width=\"953\" height=\"1024\" src=\"https:\/\/revistarapallo.com\/wp-content\/uploads\/2025\/05\/Cubierta-R1-953x1024.jpg\" alt=\"\" class=\"wp-image-1438\" srcset=\"https:\/\/revistarapallo.com\/wp-content\/uploads\/2025\/05\/Cubierta-R1-953x1024.jpg 953w, https:\/\/revistarapallo.com\/wp-content\/uploads\/2025\/05\/Cubierta-R1-830x892.jpg 830w, https:\/\/revistarapallo.com\/wp-content\/uploads\/2025\/05\/Cubierta-R1-894x960.jpg 894w, https:\/\/revistarapallo.com\/wp-content\/uploads\/2025\/05\/Cubierta-R1-279x300.jpg 279w, https:\/\/revistarapallo.com\/wp-content\/uploads\/2025\/05\/Cubierta-R1-768x825.jpg 768w, https:\/\/revistarapallo.com\/wp-content\/uploads\/2025\/05\/Cubierta-R1-1430x1536.jpg 1430w, https:\/\/revistarapallo.com\/wp-content\/uploads\/2025\/05\/Cubierta-R1-1907x2048.jpg 1907w, https:\/\/revistarapallo.com\/wp-content\/uploads\/2025\/05\/Cubierta-R1-700x752.jpg 700w, https:\/\/revistarapallo.com\/wp-content\/uploads\/2025\/05\/Cubierta-R1-372x400.jpg 372w, https:\/\/revistarapallo.com\/wp-content\/uploads\/2025\/05\/Cubierta-R1.jpg 1996w\" sizes=\"auto, (max-width: 953px) 100vw, 953px\" \/><\/figure>\n","protected":false},"excerpt":{"rendered":"<p>SUMARIO POEMAS \u00c1ngela Segovia &#8211; Pusieron debajo de mi mare un mag\u00fcey (in\u00e9ditos) Jimena Schere &#8211; &#8220;La marcha&#8221; (selecci\u00f3n de Una antolog\u00eda de la literatura argentina) Laura Jaramillo &#8211; Selecci\u00f3n de Civilian Nest, Material Girl y Making Waters (in\u00e9dito) &nbsp; GERM\u00c1N CARRASCO ENTREVISTA: \u201cUn primer libro pop c\u00ednico es sospechoso\u201d POEMAS in\u00e9ditos ENSAYO: \u201cDe qu\u00e9 &hellip; <a href=\"https:\/\/revistarapallo.com\/index.php\/r1\/\" class=\"more-link\">Continue reading <span class=\"screen-reader-text\">R1<\/span> <span class=\"meta-nav\">&rarr;<\/span><\/a><\/p>\n","protected":false},"author":2,"featured_media":0,"parent":0,"menu_order":0,"comment_status":"closed","ping_status":"closed","template":"","meta":{"footnotes":""},"class_list":["post-432","page","type-page","status-publish","hentry"],"_links":{"self":[{"href":"https:\/\/revistarapallo.com\/index.php\/wp-json\/wp\/v2\/pages\/432","targetHints":{"allow":["GET"]}}],"collection":[{"href":"https:\/\/revistarapallo.com\/index.php\/wp-json\/wp\/v2\/pages"}],"about":[{"href":"https:\/\/revistarapallo.com\/index.php\/wp-json\/wp\/v2\/types\/page"}],"author":[{"embeddable":true,"href":"https:\/\/revistarapallo.com\/index.php\/wp-json\/wp\/v2\/users\/2"}],"replies":[{"embeddable":true,"href":"https:\/\/revistarapallo.com\/index.php\/wp-json\/wp\/v2\/comments?post=432"}],"version-history":[{"count":2,"href":"https:\/\/revistarapallo.com\/index.php\/wp-json\/wp\/v2\/pages\/432\/revisions"}],"predecessor-version":[{"id":1464,"href":"https:\/\/revistarapallo.com\/index.php\/wp-json\/wp\/v2\/pages\/432\/revisions\/1464"}],"wp:attachment":[{"href":"https:\/\/revistarapallo.com\/index.php\/wp-json\/wp\/v2\/media?parent=432"}],"curies":[{"name":"wp","href":"https:\/\/api.w.org\/{rel}","templated":true}]}}